{"id":1183,"date":"2025-10-05T14:15:37","date_gmt":"2025-10-05T18:15:37","guid":{"rendered":"https:\/\/mjz.7dd.myftpupload.com\/organizations\/grupo-de-alfabetizacion-forjando-nueva-esperanza\/"},"modified":"2025-10-10T22:20:22","modified_gmt":"2025-10-11T02:20:22","slug":"grupo-de-alfabetizacion-forjando-nueva-esperanza","status":"publish","type":"organizations","link":"https:\/\/olglakewood.org\/pl\/organizations\/grupo-de-alfabetizacion-forjando-nueva-esperanza\/","title":{"rendered":"Grupo de Alfabetizaci\u00f3n \u201eforjando Nueva Esperanza\u201d"},"content":{"rendered":"<p>[et_pb_section fb_built=&#8221;1&#8243; _builder_version=&#8221;4.27.4&#8243; _module_preset=&#8221;default&#8221; background_image=&#8221;https:\/\/olglakewood.org\/wp-content\/uploads\/2025\/08\/news-page-hero-img.jpg&#8221; module_alignment=&#8221;center&#8221; min_height=&#8221;400px&#8221; height=&#8221;100%&#8221; custom_margin=&#8221;||||false|false&#8221; custom_padding=&#8221;||||false|false&#8221; global_colors_info=&#8221;{}&#8221;][et_pb_row use_custom_gutter=&#8221;on&#8221; gutter_width=&#8221;1&#8243; _builder_version=&#8221;4.27.4&#8243; _module_preset=&#8221;default&#8221; width=&#8221;100%&#8221; max_width=&#8221;100%&#8221; module_alignment=&#8221;center&#8221; custom_margin=&#8221;5em||5em||true|false&#8221; global_colors_info=&#8221;{}&#8221;][et_pb_column type=&#8221;4_4&#8243; _builder_version=&#8221;4.27.4&#8243; _module_preset=&#8221;default&#8221; custom_css_main_element=&#8221;background-color: rgba(1, 28, 57, 0.8);||display: flex;||justify-content: center;||align-items: center;||padding-top: 15px;||padding-bottom: 8px;||&#8221; global_colors_info=&#8221;{}&#8221;][et_pb_text _builder_version=&#8221;4.27.4&#8243; _module_preset=&#8221;default&#8221; header_font=&#8221;|&#8211;et_global_heading_font_weight|||||||&#8221; header_text_align=&#8221;center&#8221; header_text_color=&#8221;#FFFFFF&#8221; header_font_size=&#8221;3.13rem&#8221; global_colors_info=&#8221;{}&#8221;]<\/p>\n<h1>Grupo de Alfabetizaci\u00f3n \u201eforjando Nueva Esperanza\u201d<\/h1>\n<p>[\/et_pb_text][\/et_pb_column][\/et_pb_row][\/et_pb_section][et_pb_section fb_built=&#8221;1&#8243; module_class=&#8221;reveal-mass-schedule&#8221; _builder_version=&#8221;4.27.4&#8243; _module_preset=&#8221;default&#8221; background_enable_color=&#8221;off&#8221; use_background_color_gradient=&#8221;on&#8221; background_color_gradient_stops=&#8221;#a5061a 0%|#3b1615 100%&#8221; custom_margin=&#8221;0px||0px||false|false&#8221; custom_padding=&#8221;0px||0px||true|false&#8221; global_module=&#8221;335&#8243; global_colors_info=&#8221;{}&#8221;][et_pb_row _builder_version=&#8221;4.27.4&#8243; _module_preset=&#8221;default&#8221; module_alignment=&#8221;center&#8221; custom_margin=&#8221;0px||0px||false|false&#8221; custom_padding=&#8221;0px||0px||false|false&#8221; global_colors_info=&#8221;{}&#8221;][et_pb_column type=&#8221;4_4&#8243; _builder_version=&#8221;4.27.4&#8243; _module_preset=&#8221;default&#8221; custom_padding=&#8221;0px||0px||false|false&#8221; custom_css_main_element=&#8221;display: flex;||justify-content: center;||align-items: center;&#8221; global_colors_info=&#8221;{}&#8221;][et_pb_heading title=&#8221;Harmonogram mszy&#8221; module_class=&#8221;mass-schedule-banner&#8221; _builder_version=&#8221;4.27.4&#8243; _module_preset=&#8221;default&#8221; title_level=&#8221;h3&#8243; title_text_align=&#8221;center&#8221; title_text_color=&#8221;#FFFFFF&#8221; custom_margin=&#8221;||0px||false|false&#8221; custom_padding=&#8221;||0px||false|false&#8221; global_colors_info=&#8221;{}&#8221;][\/et_pb_heading][et_pb_icon font_icon=&#8221;&#x43;||divi||400&#8243; icon_color=&#8221;#FFFFFF&#8221; icon_width=&#8221;35px&#8221; module_class=&#8221;mass-schedule-arrow&#8221; _builder_version=&#8221;4.27.4&#8243; _module_preset=&#8221;default&#8221; custom_margin=&#8221;0px||0px||true|false&#8221; custom_padding=&#8221;0px||0px||true|false&#8221; global_colors_info=&#8221;{}&#8221;][\/et_pb_icon][\/et_pb_column][\/et_pb_row][\/et_pb_section][et_pb_section fb_built=&#8221;1&#8243; module_class=&#8221;hidden-mass-schedule&#8221; _builder_version=&#8221;4.27.4&#8243; _module_preset=&#8221;default&#8221; global_module=&#8221;339&#8243; global_colors_info=&#8221;{}&#8221;][et_pb_row column_structure=&#8221;1_3,1_3,1_3&#8243; _builder_version=&#8221;4.27.4&#8243; _module_preset=&#8221;default&#8221; global_colors_info=&#8221;{}&#8221;][et_pb_column type=&#8221;1_3&#8243; _builder_version=&#8221;4.27.4&#8243; _module_preset=&#8221;default&#8221; global_colors_info=&#8221;{}&#8221;][et_pb_text _builder_version=&#8221;4.27.4&#8243; _module_preset=&#8221;default&#8221; text_font=&#8221;|700|||||||&#8221; text_text_color=&#8221;#FFFFFF&#8221; text_font_size=&#8221;1.25rem&#8221; background_enable_color=&#8221;off&#8221; custom_padding=&#8221;||||false|false&#8221; global_colors_info=&#8221;{%22gcid-primary-color%22:%91%22background_color%22%93}&#8221;]<\/p>\n<div style=\"width: 60%; background-color: #351715; margin-left: auto; margin-right: auto; text-align: center; border-radius: 4px; padding: 5px 16px;\">Msza w dni powszednie<\/div>\n<p>[\/et_pb_text][et_pb_text _builder_version=&#8221;4.27.4&#8243; _module_preset=&#8221;default&#8221; text_font_size=&#8221;1.15rem&#8221; text_line_height=&#8221;1.2em&#8221; header_5_font=&#8221;|&#8211;et_global_heading_font_weight|||||||&#8221; header_5_text_align=&#8221;center&#8221; header_5_font_size=&#8221;1.25rem&#8221; header_5_line_height=&#8221;1.2em&#8221; text_orientation=&#8221;center&#8221; global_colors_info=&#8221;{}&#8221;]<\/p>\n<h5 style=\"text-align: center; padding-bottom: 0px;\"><strong>Ko\u015bci\u00f3\u0142 \u015bw. Marii od Jeziora<\/strong><\/h5>\n<p style=\"text-align: center;\">Pon &#8211; Sob: 9:00 &#8211; angielski<\/p>\n<p>[\/et_pb_text][et_pb_text _builder_version=&#8221;4.27.4&#8243; _module_preset=&#8221;default&#8221; text_font_size=&#8221;1.15rem&#8221; text_line_height=&#8221;1.2em&#8221; header_5_font=&#8221;|&#8211;et_global_heading_font_weight|||||||&#8221; header_5_text_align=&#8221;center&#8221; header_5_font_size=&#8221;1.25rem&#8221; header_5_line_height=&#8221;1.2em&#8221; text_orientation=&#8221;center&#8221; custom_margin=&#8221;||||false|false&#8221; custom_padding=&#8221;||||false|false&#8221; global_colors_info=&#8221;{}&#8221;]<\/p>\n<h5 style=\"text-align: center; padding-bottom: 0px;\"><strong>Ko\u015bci\u00f3\u0142 \u015bw. Antoniego Clareta<\/strong><\/h5>\n<p style=\"text-align: center;\">Wt &#8211; Pt: 19:00 &#8211; hiszpa\u0144ski<\/p>\n<p>[\/et_pb_text][\/et_pb_column][et_pb_column type=&#8221;1_3&#8243; _builder_version=&#8221;4.27.4&#8243; _module_preset=&#8221;default&#8221; global_colors_info=&#8221;{}&#8221;][et_pb_text _builder_version=&#8221;4.27.4&#8243; _module_preset=&#8221;default&#8221; text_font=&#8221;|700|||||||&#8221; text_text_color=&#8221;#FFFFFF&#8221; text_font_size=&#8221;1.25rem&#8221; header_4_text_align=&#8221;left&#8221; global_colors_info=&#8221;{}&#8221;]<\/p>\n<div style=\"width: 60%; background-color: #351715; margin-left: auto; margin-right: auto; text-align: center; border-radius: 4px; padding: 5px 16px;\">Msza sobotnia<\/div>\n<p>[\/et_pb_text][et_pb_text _builder_version=&#8221;4.27.4&#8243; _module_preset=&#8221;default&#8221; text_font_size=&#8221;1.15rem&#8221; text_line_height=&#8221;1.2em&#8221; header_5_font=&#8221;|&#8211;et_global_heading_font_weight|||||||&#8221; header_5_text_align=&#8221;center&#8221; header_5_font_size=&#8221;1.25rem&#8221; header_5_line_height=&#8221;1.2em&#8221; text_orientation=&#8221;center&#8221; global_colors_info=&#8221;{}&#8221;]<\/p>\n<h5 style=\"text-align: center; padding-bottom: 0px;\"><strong>Ko\u015bci\u00f3\u0142 \u015awi\u0119tej Rodziny<\/strong><\/h5>\n<p style=\"text-align: center;\">16:00 &#8211; angielski<\/p>\n<p>[\/et_pb_text][et_pb_text _builder_version=&#8221;4.27.4&#8243; _module_preset=&#8221;default&#8221; text_font_size=&#8221;1.15rem&#8221; text_line_height=&#8221;1.2em&#8221; header_5_font=&#8221;|&#8211;et_global_heading_font_weight|||||||&#8221; header_5_text_align=&#8221;center&#8221; header_5_font_size=&#8221;1.25rem&#8221; header_5_line_height=&#8221;1.2em&#8221; text_orientation=&#8221;center&#8221; custom_margin=&#8221;||||false|false&#8221; custom_padding=&#8221;||||false|false&#8221; global_colors_info=&#8221;{}&#8221;]<\/p>\n<h5 style=\"text-align: center; padding-bottom: 0px;\"><strong>Ko\u015bci\u00f3\u0142 \u015bw. Antoniego Clareta<\/strong><\/h5>\n<p style=\"text-align: center;\">17:00 &#8211; hiszpa\u0144ski<\/p>\n<p>[\/et_pb_text][\/et_pb_column][et_pb_column type=&#8221;1_3&#8243; _builder_version=&#8221;4.27.4&#8243; _module_preset=&#8221;default&#8221; global_colors_info=&#8221;{}&#8221;][et_pb_text _builder_version=&#8221;4.27.4&#8243; _module_preset=&#8221;default&#8221; text_font=&#8221;|700|||||||&#8221; text_text_color=&#8221;#FFFFFF&#8221; text_font_size=&#8221;1.25rem&#8221; global_colors_info=&#8221;{}&#8221;]<\/p>\n<div style=\"width: 60%; background-color: #351715; margin-left: auto; margin-right: auto; text-align: center; border-radius: 4px; padding: 5px 16px;\">Msza niedzielna<\/div>\n<p>[\/et_pb_text][et_pb_text _builder_version=&#8221;4.27.4&#8243; _module_preset=&#8221;default&#8221; text_font_size=&#8221;1.15rem&#8221; text_line_height=&#8221;1.2em&#8221; header_5_font=&#8221;|&#8211;et_global_heading_font_weight|||||||&#8221; header_5_text_align=&#8221;center&#8221; header_5_font_size=&#8221;1.25rem&#8221; header_5_line_height=&#8221;1.2em&#8221; text_orientation=&#8221;center&#8221; global_colors_info=&#8221;{}&#8221;]<\/p>\n<h5 style=\"text-align: center; padding-bottom: 0px;\"><strong>Ko\u015bci\u00f3\u0142 \u015awi\u0119tej Rodziny<\/strong><\/h5>\n<p style=\"text-align: center;\">8:00 &#8211; angielski | 12:30 &#8211; hiszpa\u0144ski<br \/>15:00 &#8211; hiszpa\u0144ski<\/p>\n<p>[\/et_pb_text][et_pb_text _builder_version=&#8221;4.27.4&#8243; _module_preset=&#8221;default&#8221; text_font_size=&#8221;1.15rem&#8221; text_line_height=&#8221;1.2em&#8221; header_5_font=&#8221;|&#8211;et_global_heading_font_weight|||||||&#8221; header_5_text_align=&#8221;center&#8221; header_5_font_size=&#8221;1.25rem&#8221; header_5_line_height=&#8221;1.2em&#8221; text_orientation=&#8221;center&#8221; custom_margin=&#8221;||||false|false&#8221; custom_padding=&#8221;||||false|false&#8221; global_colors_info=&#8221;{}&#8221;]<\/p>\n<h5 style=\"text-align: center; padding-bottom: 0px;\"><strong>Ko\u015bci\u00f3\u0142 \u015bw. Antoniego Clareta<\/strong><\/h5>\n<p style=\"text-align: center;\">10:30 &#8211; hiszpa\u0144ski<\/p>\n<p>[\/et_pb_text][et_pb_text _builder_version=&#8221;4.27.4&#8243; _module_preset=&#8221;default&#8221; text_font_size=&#8221;1.15rem&#8221; text_line_height=&#8221;1.2em&#8221; header_5_font=&#8221;|&#8211;et_global_heading_font_weight|||||||&#8221; header_5_text_align=&#8221;center&#8221; header_5_font_size=&#8221;1.25rem&#8221; header_5_line_height=&#8221;1.2em&#8221; text_orientation=&#8221;center&#8221; global_colors_info=&#8221;{}&#8221;]<\/p>\n<h5 style=\"text-align: center; padding-bottom: 0px;\"><strong>Ko\u015bci\u00f3\u0142 \u015bw. Marii od Jeziora<\/strong><\/h5>\n<p style=\"text-align: center;\">9:30 &#8211; polski | 11:30 angielski<\/p>\n<p>[\/et_pb_text][\/et_pb_column][\/et_pb_row][\/et_pb_section][et_pb_section fb_built=&#8221;1&#8243; _builder_version=&#8221;4.27.4&#8243; _module_preset=&#8221;default&#8221; global_colors_info=&#8221;{}&#8221;][et_pb_row _builder_version=&#8221;4.27.4&#8243; _module_preset=&#8221;default&#8221; global_colors_info=&#8221;{}&#8221;][et_pb_column type=&#8221;4_4&#8243; _builder_version=&#8221;4.27.4&#8243; _module_preset=&#8221;default&#8221; global_colors_info=&#8221;{}&#8221;][et_pb_video src=&#8221;https:\/\/www.youtube.com\/embed\/exr1odtPOvE&#8221; _builder_version=&#8221;4.27.4&#8243; _module_preset=&#8221;default&#8221; min_height=&#8221;606px&#8221; global_colors_info=&#8221;{}&#8221;][\/et_pb_video][et_pb_text _builder_version=&#8221;4.27.4&#8243; _module_preset=&#8221;default&#8221; text_font_size=&#8221;1.38rem&#8221; text_line_height=&#8221;1.4em&#8221; header_3_font=&#8221;|&#8211;et_global_heading_font_weight|||on||||&#8221; header_3_text_color=&#8221;gcid-primary-color&#8221; global_colors_info=&#8221;{%22gcid-primary-color%22:%91%22header_3_text_color%22%93}&#8221;]<\/p>\n<p style=\"text-align: center;\"><span><strong>Origen del Grupo de Alfabetizaci\u00f3n<\/strong><\/span><\/p>\n<p style=\"text-align: center;\"><span><strong>&#8222;forjando Nueva Esperanza&#8221;<\/strong><\/span><\/p>\n<p><em><span><strong> <\/strong><\/span><\/em><\/p>\n<p><span>Mi nombre Milagro V. Belloso. Salvadore\u00f1a <\/span><\/p>\n<p>&nbsp;<\/p>\n<h3>Historia del grupo<\/h3>\n<p><span>Todo comenz\u00f3 con una invitaci\u00f3n que recib\u00ed por parte del Padre Pedro Bou para<\/span><\/p>\n<p><span>colaborarle con un ministerio hasta este momento sin nombre.<\/span><\/p>\n<p><span>Luego de reunirme con \u00e9l y expresarme la necesidad que existe en la comunidad por<\/span><\/p>\n<p><span>aprender a leer por parte de algunas personas que no pod\u00edan hacerlo y sabiendo \u00e9l que<\/span><\/p>\n<p><span>yo soy maestra de profesi\u00f3n y con una subespecialidad en educaci\u00f3n de adultos me pidi\u00f3<\/span><\/p>\n<p><span>que por favor le colaborara en la iniciaci\u00f3n de este grandioso proyecto.<\/span><\/p>\n<p><span>Comenzamos un diciembre del a\u00f1o 2017 a trabajar seriamente pus ya existe un<\/span><\/p>\n<p><span>Peque\u00f1o Grupo de visionarios que ya ten\u00edan establecido un grupo de ense\u00f1anza,<\/span><\/p>\n<p><span>aran\u017cacje z grup\u0105 20 doros\u0142ych.<\/span><\/p>\n<p>&nbsp;<\/p>\n<h3>Como funciona las clases?<\/h3>\n<p><span>Nuestro objetivo es ayudar al adulto a desenvolverse en su vida diaria, mejorar sus<\/span><\/p>\n<p><span>destrezas motoras, el arte de hablar mejor y lo m\u00e1s importante que puedan leer y escribir<\/span><\/p>\n<p><span>o mejorar su Lecto-Escritura en una forma sistem\u00e1tica.<\/span><\/p>\n<p><span>Usamos diferentes estrategias adaptadas a su nivel cognoscitivo, carteles de lectura diaria,<\/span><\/p>\n<p><span>coloreo, agilidad mental y dictado. Las clases se dividen de acuerdo con el nivel de lectura y <\/span><\/p>\n<p><span>escritura para un aprendizaje m\u00e1s personalizado.<\/span><\/p>\n<p><span>Se trabaja con un libro de lectura a nivel del estudiante, dos libros de apresto, uno para<\/span><\/p>\n<p><span>escritura y otro para desarrollo de psicomotricidad. tambi\u00e9n posee un libro de trabajo <\/span><\/p>\n<p><span>libre en donde escriben lo que deseen. Cabe mencionar que el programa no tiene ning\u00fan <\/span><\/p>\n<p><span>koszt todo es auspiciado por la parroquia &#8222;Nuestra Se\u00f1ora de Guadalupe&#8221;<\/span><\/p>\n<p><span>El aprendizaje va de la mano con el Calendario lit\u00fargico de la iglesia.<\/span><\/p>\n<p>&nbsp;<\/p>\n<h3>Cuantas personas participaron en la clase y cantos hay hoy d\u00eda?<\/h3>\n<p><span>Al momento contamos con varios niveles de alumnos, algunos de estos estudiantes ya<\/span><\/p>\n<p><span>graduados del curso cuyo nivel de lectura es Bueno y decidieron retirarse, algunos a\u00fan<\/span><\/p>\n<p><span>permanecen en el curso para seguir perfeccion\u00e1ndose.<\/span><\/p>\n<p><span>Las clases se imparten dos d\u00edas por semana:<\/span><\/p>\n<p><span>Los martes od 18:30 do 20:00 i los sabados od 8:30 do 11:00.<\/span><\/p>\n<p><span>Al momento contamos con 16 adultos inscritos se incorporan de acuerdo con su tiempo, los<\/span><\/p>\n<p><span>martes o s\u00e1bado.<\/span><\/p>\n<p>&nbsp;<\/p>\n<h3>Dentro de los voluntarios t\u00e9menos:<\/h3>\n<p><span>1-Gladys Panora<\/span><\/p>\n<p><span>2-Ilda Garista<\/span><\/p>\n<p><span>3-Delfina Pastran<\/span><\/p>\n<p>&nbsp;<\/p>\n<h3>Historias interesante:<\/h3>\n<p><span>Uno de nuestros exalumnos es lector en la iglesia, otros colaboradores de este programa y<\/span><\/p>\n<p><span>otros agradecidos nos siguen enviando referidos para el curso.<\/span><\/p>\n<p><span>Muchos de ellos son capaces de completar formularios de trabajo, m\u00e9dicos, escolares, han<\/span><\/p>\n<p><span>obtenido licencias de conducir, pueden enviar mensajes de texto y leer los que<\/span><\/p>\n<p><span>reciben y su vocabulario se ha incrementado dr\u00e1sticamente en general su vida a cambiado<\/span><\/p>\n<p><span>360 stopni.<\/span><\/p>\n<p>&nbsp;<\/p>\n<h3>\u015awiadectwa:<\/h3>\n<p><span>1-Don Rafael Flores: Por mucho tiempo, por no saber leer un compa\u00f1ero de trabajo<\/span><\/p>\n<p><span>tomaba ventaja de \u00e9l y le restaba horas de trabajo y se las adjudicaba para \u00e9l mismo<\/span><\/p>\n<p><span>otrzymaj wynagrodzenie za su przys\u0142ug\u0119, cosa que cambio cu\u00e1ndo Don Rafael aprendi\u00f3 a<\/span><\/p>\n<p><span>leer y escribir.<\/span><\/p>\n<p>&nbsp;<\/p>\n<p><span>2-Do\u00f1a Delfina Pastrana pertenece al Ministerio de Lectura en la iglesia.<\/span><\/p>\n<p>&nbsp;<\/p>\n<p><span>3-Do\u00f1a Alberta al darse cuenta de que ya le\u00eda comienza a decir en voz alta, esto es leer, esto<\/span><\/p>\n<p><span>es leer con una complacencia hacia ella misma por sus logros.<\/span><\/p>\n<p>&nbsp;<\/p>\n<p><span>4-Do\u00f1a Deysi, ya cumpli\u00f3 su objetivo de poder leer la biblia<\/span><\/p>\n<p><span><strong> <\/strong><\/span><\/p>\n<h3>Dodatkowy:<\/h3>\n<p><span>Do\u00f1a Blanca Flores no ten\u00eda con quien dejar a su hija y la acompa\u00f1aba a la clase su hija<\/span><\/p>\n<p><span>hoy d\u00eda lee y escribe y le ayuda a completar la papeler\u00eda de su escuela.<\/span><\/p>\n<p><span>Komentarze que se cuiden los esposos o esposas que ya no pueden dejar su tel\u00e9fono por<\/span><\/p>\n<p><span>ah\u00ed.<\/span>[\/et_pb_text][\/et_pb_column][\/et_pb_row][\/et_pb_section][et_pb_section fb_built=&#8221;1&#8243; _builder_version=&#8221;4.27.4&#8243; _module_preset=&#8221;default&#8221; global_module=&#8221;351&#8243; global_colors_info=&#8221;{}&#8221;][et_pb_row module_id=&#8221;theForm&#8221; _builder_version=&#8221;4.27.4&#8243; _module_preset=&#8221;default&#8221; global_colors_info=&#8221;{}&#8221;][et_pb_column type=&#8221;4_4&#8243; _builder_version=&#8221;4.27.4&#8243; _module_preset=&#8221;default&#8221; global_colors_info=&#8221;{}&#8221;][et_pb_heading title=&#8221;Skontaktuj si\u0119 z nami&#8221; _builder_version=&#8221;4.27.4&#8243; _module_preset=&#8221;default&#8221; title_level=&#8221;h2&#8243; title_text_align=&#8221;center&#8221; title_font_size=&#8221;2.25rem&#8221; custom_margin=&#8221;||0px||false|false&#8221; custom_padding=&#8221;||||false|false&#8221; global_colors_info=&#8221;{}&#8221;][\/et_pb_heading][et_pb_text _builder_version=&#8221;4.27.4&#8243; _module_preset=&#8221;default&#8221; text_font_size=&#8221;1.38rem&#8221; global_colors_info=&#8221;{}&#8221;]<\/p>\n<p style=\"text-align: center;\">Can have a litte subhead here if needed<\/p>\n<p>[\/et_pb_text][\/et_pb_column][\/et_pb_row][et_pb_row _builder_version=&#8221;4.27.4&#8243; _module_preset=&#8221;default&#8221; custom_padding=&#8221;20px|20px|20px|20px|true|true&#8221; border_radii=&#8221;on|8px|8px|8px|8px&#8221; box_shadow_style=&#8221;preset1&#8243; global_colors_info=&#8221;{}&#8221;][et_pb_column type=&#8221;4_4&#8243; _builder_version=&#8221;4.27.4&#8243; _module_preset=&#8221;default&#8221; global_colors_info=&#8221;{}&#8221;][et_pb_contact_form use_spam_service=&#8221;on&#8221; recaptcha_list=&#8221;Default|Default-0&#8243; email=&#8221;rmendez@olglakewood.org,laauster@gmail.com&#8221; custom_message=&#8221;Wiadomo\u015b\u0107 od %%Name%%||et_pb_line_break_holder||||et_pb_line_break_holder||Adres e-mail: %%Email%%||et_pb_line_break_holder||||et_pb_line_break_holder||Numer telefonu: %%PhoneNumber%%||et_pb_line_break_holder||||et_pb_line_break_holder||Preferencje kontaktu: %%ContactPreference%%||et_pb_line_break_holder||||et_pb_line_break_holder||Wiadomo\u015b\u0107: %%Message%%&#8221; success_message=&#8221;Otrzymali\u015bmy Pa\u0144stwa wiadomo\u015b\u0107. Przedstawiciel parafii Matki Boskiej z Guadalupe skontaktuje si\u0119 z Pa\u0144stwem wkr\u00f3tce.&#8221; submit_button_text=&#8221;SKONTAKTUJ SI\u0118 Z NAMI DZI\u015a!&#8221; _builder_version=&#8221;4.27.4&#8243; _module_preset=&#8221;default&#8221; _unique_id=&#8221;c03b9008-8b1b-41fb-9cbd-eef56f2f4be5&#8243; custom_button=&#8221;on&#8221; button_text_color=&#8221;#FFFFFF&#8221; button_bg_color=&#8221;gcid-primary-color&#8221; button_border_width=&#8221;0px&#8221; button_use_icon=&#8221;off&#8221; button_custom_padding=&#8221;|32px||32px|false|true&#8221; global_colors_info=&#8221;{%22gcid-primary-color%22:%91%22button_bg_color%22%93}&#8221;][et_pb_contact_field field_id=&#8221;Name&#8221; field_title=&#8221;Imi\u0119 i nazwisko&#8221; _builder_version=&#8221;4.27.4&#8243; global_colors_info=&#8221;{}&#8221; button_text_size__hover_enabled=&#8221;off&#8221; button_one_text_size__hover_enabled=&#8221;off&#8221; button_two_text_size__hover_enabled=&#8221;off&#8221; button_text_color__hover_enabled=&#8221;off&#8221; button_one_text_color__hover_enabled=&#8221;off&#8221; button_two_text_color__hover_enabled=&#8221;off&#8221; button_border_width__hover_enabled=&#8221;off&#8221; button_one_border_width__hover_enabled=&#8221;off&#8221; button_two_border_width__hover_enabled=&#8221;off&#8221; button_border_color__hover_enabled=&#8221;off&#8221; button_one_border_color__hover_enabled=&#8221;off&#8221; button_two_border_color__hover_enabled=&#8221;off&#8221; button_border_radius__hover_enabled=&#8221;off&#8221; button_one_border_radius__hover_enabled=&#8221;off&#8221; button_two_border_radius__hover_enabled=&#8221;off&#8221; button_letter_spacing__hover_enabled=&#8221;off&#8221; button_one_letter_spacing__hover_enabled=&#8221;off&#8221; button_two_letter_spacing__hover_enabled=&#8221;off&#8221; button_bg_color__hover_enabled=&#8221;off&#8221; button_one_bg_color__hover_enabled=&#8221;off&#8221; button_two_bg_color__hover_enabled=&#8221;off&#8221;][\/et_pb_contact_field][et_pb_contact_field field_id=&#8221;Email&#8221; field_title=&#8221;Adres e-mail&#8221; field_type=&#8221;email&#8221; _builder_version=&#8221;4.16&#8243; global_colors_info=&#8221;{}&#8221; button_text_size__hover_enabled=&#8221;off&#8221; button_one_text_size__hover_enabled=&#8221;off&#8221; button_two_text_size__hover_enabled=&#8221;off&#8221; button_text_color__hover_enabled=&#8221;off&#8221; button_one_text_color__hover_enabled=&#8221;off&#8221; button_two_text_color__hover_enabled=&#8221;off&#8221; button_border_width__hover_enabled=&#8221;off&#8221; button_one_border_width__hover_enabled=&#8221;off&#8221; button_two_border_width__hover_enabled=&#8221;off&#8221; button_border_color__hover_enabled=&#8221;off&#8221; button_one_border_color__hover_enabled=&#8221;off&#8221; button_two_border_color__hover_enabled=&#8221;off&#8221; button_border_radius__hover_enabled=&#8221;off&#8221; button_one_border_radius__hover_enabled=&#8221;off&#8221; button_two_border_radius__hover_enabled=&#8221;off&#8221; button_letter_spacing__hover_enabled=&#8221;off&#8221; button_one_letter_spacing__hover_enabled=&#8221;off&#8221; button_two_letter_spacing__hover_enabled=&#8221;off&#8221; button_bg_color__hover_enabled=&#8221;off&#8221; button_one_bg_color__hover_enabled=&#8221;off&#8221; button_two_bg_color__hover_enabled=&#8221;off&#8221;][\/et_pb_contact_field][et_pb_contact_field field_id=&#8221;PhoneNumber&#8221; field_title=&#8221;Numer telefonu&#8221; required_mark=&#8221;off&#8221; _builder_version=&#8221;4.27.4&#8243; _module_preset=&#8221;default&#8221; global_colors_info=&#8221;{}&#8221;][\/et_pb_contact_field][et_pb_contact_field field_id=&#8221;ContactPreference&#8221; field_title=&#8221;Preferowany spos\u00f3b kontaktu&#8221; field_type=&#8221;radio&#8221; radio_options=&#8221;%91{%22value%22:%22E-mail%22,%22checked%22:0,%22dragID%22:-1},{%22value%22:%22Telefon%22,%22checked%22:0,%22dragID%22:0}%93&#8243; fullwidth_field=&#8221;on&#8221; _builder_version=&#8221;4.27.4&#8243; _module_preset=&#8221;default&#8221; custom_css_main_element=&#8221;width: 50% !important;||float: left;||clear: none !important;&#8221; global_colors_info=&#8221;{}&#8221;][\/et_pb_contact_field][et_pb_contact_field field_id=&#8221;Message&#8221; field_title=&#8221;Jak mo\u017cemy pom\u00f3c?&#8221; field_type=&#8221;text&#8221; fullwidth_field=&#8221;on&#8221; _builder_version=&#8221;4.27.4&#8243; global_colors_info=&#8221;{}&#8221; button_text_size__hover_enabled=&#8221;off&#8221; button_one_text_size__hover_enabled=&#8221;off&#8221; button_two_text_size__hover_enabled=&#8221;off&#8221; button_text_color__hover_enabled=&#8221;off&#8221; button_one_text_color__hover_enabled=&#8221;off&#8221; button_two_text_color__hover_enabled=&#8221;off&#8221; button_border_width__hover_enabled=&#8221;off&#8221; button_one_border_width__hover_enabled=&#8221;off&#8221; button_two_border_width__hover_enabled=&#8221;off&#8221; button_border_color__hover_enabled=&#8221;off&#8221; button_one_border_color__hover_enabled=&#8221;off&#8221; button_two_border_color__hover_enabled=&#8221;off&#8221; button_border_radius__hover_enabled=&#8221;off&#8221; button_one_border_radius__hover_enabled=&#8221;off&#8221; button_two_border_radius__hover_enabled=&#8221;off&#8221; button_letter_spacing__hover_enabled=&#8221;off&#8221; button_one_letter_spacing__hover_enabled=&#8221;off&#8221; button_two_letter_spacing__hover_enabled=&#8221;off&#8221; button_bg_color__hover_enabled=&#8221;off&#8221; button_one_bg_color__hover_enabled=&#8221;off&#8221; button_two_bg_color__hover_enabled=&#8221;off&#8221;][\/et_pb_contact_field][\/et_pb_contact_form][\/et_pb_column][\/et_pb_row][\/et_pb_section]<\/p>\n","protected":false},"featured_media":0,"template":"","meta":{"_et_pb_use_builder":"on","_et_pb_old_content":"","_et_gb_content_width":""},"class_list":["post-1183","organizations","type-organizations","status-publish","hentry"],"yoast_head":"<!-- This site is optimized with the Yoast SEO plugin v27.5 - https:\/\/yoast.com\/product\/yoast-seo-wordpress\/ -->\n<title>Grupo de Alfabetizaci\u00f3n \u201eforjando Nueva Esperanza\u201d - Our Lady of Guadalupe Parish<\/title>\n<meta name=\"robots\" content=\"index, follow, max-snippet:-1, max-image-preview:large, max-video-preview:-1\" \/>\n<link rel=\"canonical\" href=\"https:\/\/olglakewood.org\/pl\/organizations\/grupo-de-alfabetizacion-forjando-nueva-esperanza\/\" \/>\n<meta property=\"og:locale\" content=\"pl_PL\" \/>\n<meta property=\"og:type\" content=\"article\" \/>\n<meta property=\"og:title\" content=\"Grupo de Alfabetizaci\u00f3n \u201eforjando Nueva Esperanza\u201d - Our Lady of Guadalupe Parish\" \/>\n<meta property=\"og:description\" content=\"Grupo de Alfabetizaci\u00f3n \u201eforjando Nueva Esperanza\u201dMsza w dni powszednieKo\u015bci\u00f3\u0142 \u015bw. Marii od Jeziora Pon - Sob: 9:00 - angielskiKo\u015bci\u00f3\u0142 \u015bw. Antoniego Clareta Wt - Pt: 19:00 - hiszpa\u0144skiMsza sobotniaKo\u015bci\u00f3\u0142 \u015awi\u0119tej Rodziny 16:00 - angielskiKo\u015bci\u00f3\u0142 \u015bw. Antoniego Clareta 17:00 - hiszpa\u0144skiMsza niedzielnaKo\u015bci\u00f3\u0142 \u015awi\u0119tej Rodziny 8:00 - angielski | 12:30 - hiszpa\u0144ski15:00 - hiszpa\u0144skiKo\u015bci\u00f3\u0142 \u015bw. Antoniego Clareta [&hellip;]\" \/>\n<meta property=\"og:url\" content=\"https:\/\/olglakewood.org\/pl\/organizations\/grupo-de-alfabetizacion-forjando-nueva-esperanza\/\" \/>\n<meta property=\"og:site_name\" content=\"Our Lady of Guadalupe Parish\" \/>\n<meta property=\"article:publisher\" content=\"https:\/\/www.facebook.com\/ourladyofguadalupelakewood\" \/>\n<meta property=\"article:modified_time\" content=\"2025-10-11T02:20:22+00:00\" \/>\n<meta name=\"twitter:card\" content=\"summary_large_image\" \/>\n<meta name=\"twitter:site\" content=\"@OLGLakewoodNJ\" \/>\n<meta name=\"twitter:label1\" content=\"Szacowany czas czytania\" \/>\n\t<meta name=\"twitter:data1\" content=\"13 minut\" \/>\n<script type=\"application\/ld+json\" class=\"yoast-schema-graph\">{\"@context\":\"https:\\\/\\\/schema.org\",\"@graph\":[{\"@type\":\"WebPage\",\"@id\":\"https:\\\/\\\/olglakewood.org\\\/pl\\\/organizations\\\/grupo-de-alfabetizacion-forjando-nueva-esperanza\\\/\",\"url\":\"https:\\\/\\\/olglakewood.org\\\/pl\\\/organizations\\\/grupo-de-alfabetizacion-forjando-nueva-esperanza\\\/\",\"name\":\"Grupo de Alfabetizaci\u00f3n \u201eforjando Nueva Esperanza\u201d - Our Lady of Guadalupe Parish\",\"isPartOf\":{\"@id\":\"https:\\\/\\\/olglakewood.org\\\/pl\\\/#website\"},\"datePublished\":\"2025-10-05T18:15:37+00:00\",\"dateModified\":\"2025-10-11T02:20:22+00:00\",\"breadcrumb\":{\"@id\":\"https:\\\/\\\/olglakewood.org\\\/pl\\\/organizations\\\/grupo-de-alfabetizacion-forjando-nueva-esperanza\\\/#breadcrumb\"},\"inLanguage\":\"pl-PL\",\"potentialAction\":[{\"@type\":\"ReadAction\",\"target\":[\"https:\\\/\\\/olglakewood.org\\\/pl\\\/organizations\\\/grupo-de-alfabetizacion-forjando-nueva-esperanza\\\/\"]}]},{\"@type\":\"BreadcrumbList\",\"@id\":\"https:\\\/\\\/olglakewood.org\\\/pl\\\/organizations\\\/grupo-de-alfabetizacion-forjando-nueva-esperanza\\\/#breadcrumb\",\"itemListElement\":[{\"@type\":\"ListItem\",\"position\":1,\"name\":\"Home\",\"item\":\"https:\\\/\\\/olglakewood.org\\\/pl\\\/strona-glowna\\\/\"},{\"@type\":\"ListItem\",\"position\":2,\"name\":\"Grupo de Alfabetizaci\u00f3n \u201eforjando Nueva Esperanza\u201d\"}]},{\"@type\":\"WebSite\",\"@id\":\"https:\\\/\\\/olglakewood.org\\\/pl\\\/#website\",\"url\":\"https:\\\/\\\/olglakewood.org\\\/pl\\\/\",\"name\":\"Our Lady of Guadalupe Church\",\"description\":\"News and Information for Our Lady of Guadalupe Parish Community, Lakewood NJ\",\"publisher\":{\"@id\":\"https:\\\/\\\/olglakewood.org\\\/pl\\\/#organization\"},\"potentialAction\":[{\"@type\":\"SearchAction\",\"target\":{\"@type\":\"EntryPoint\",\"urlTemplate\":\"https:\\\/\\\/olglakewood.org\\\/pl\\\/?s={search_term_string}\"},\"query-input\":{\"@type\":\"PropertyValueSpecification\",\"valueRequired\":true,\"valueName\":\"search_term_string\"}}],\"inLanguage\":\"pl-PL\"},{\"@type\":\"Organization\",\"@id\":\"https:\\\/\\\/olglakewood.org\\\/pl\\\/#organization\",\"name\":\"Our Lady of Guadalupe Church\",\"url\":\"https:\\\/\\\/olglakewood.org\\\/pl\\\/\",\"logo\":{\"@type\":\"ImageObject\",\"inLanguage\":\"pl-PL\",\"@id\":\"https:\\\/\\\/olglakewood.org\\\/pl\\\/#\\\/schema\\\/logo\\\/image\\\/\",\"url\":\"https:\\\/\\\/olglakewood.org\\\/wp-content\\\/uploads\\\/2025\\\/08\\\/olg-website-logo.svg\",\"contentUrl\":\"https:\\\/\\\/olglakewood.org\\\/wp-content\\\/uploads\\\/2025\\\/08\\\/olg-website-logo.svg\",\"width\":1188,\"height\":649,\"caption\":\"Our Lady of Guadalupe Church\"},\"image\":{\"@id\":\"https:\\\/\\\/olglakewood.org\\\/pl\\\/#\\\/schema\\\/logo\\\/image\\\/\"},\"sameAs\":[\"https:\\\/\\\/www.facebook.com\\\/ourladyofguadalupelakewood\",\"https:\\\/\\\/x.com\\\/OLGLakewoodNJ\",\"https:\\\/\\\/www.youtube.com\\\/channel\\\/UC91Ne91E8dBCs-mhYYUoULw\\\/about\",\"https:\\\/\\\/www.instagram.com\\\/olglakewoodnj\\\/\"]}]}<\/script>\n<!-- \/ Yoast SEO plugin. -->","yoast_head_json":{"title":"Grupo de Alfabetizaci\u00f3n \u201eforjando Nueva Esperanza\u201d - Our Lady of Guadalupe Parish","robots":{"index":"index","follow":"follow","max-snippet":"max-snippet:-1","max-image-preview":"max-image-preview:large","max-video-preview":"max-video-preview:-1"},"canonical":"https:\/\/olglakewood.org\/pl\/organizations\/grupo-de-alfabetizacion-forjando-nueva-esperanza\/","og_locale":"pl_PL","og_type":"article","og_title":"Grupo de Alfabetizaci\u00f3n \u201eforjando Nueva Esperanza\u201d - Our Lady of Guadalupe Parish","og_description":"Grupo de Alfabetizaci\u00f3n \u201eforjando Nueva Esperanza\u201dMsza w dni powszednieKo\u015bci\u00f3\u0142 \u015bw. Marii od Jeziora Pon - Sob: 9:00 - angielskiKo\u015bci\u00f3\u0142 \u015bw. Antoniego Clareta Wt - Pt: 19:00 - hiszpa\u0144skiMsza sobotniaKo\u015bci\u00f3\u0142 \u015awi\u0119tej Rodziny 16:00 - angielskiKo\u015bci\u00f3\u0142 \u015bw. Antoniego Clareta 17:00 - hiszpa\u0144skiMsza niedzielnaKo\u015bci\u00f3\u0142 \u015awi\u0119tej Rodziny 8:00 - angielski | 12:30 - hiszpa\u0144ski15:00 - hiszpa\u0144skiKo\u015bci\u00f3\u0142 \u015bw. Antoniego Clareta [&hellip;]","og_url":"https:\/\/olglakewood.org\/pl\/organizations\/grupo-de-alfabetizacion-forjando-nueva-esperanza\/","og_site_name":"Our Lady of Guadalupe Parish","article_publisher":"https:\/\/www.facebook.com\/ourladyofguadalupelakewood","article_modified_time":"2025-10-11T02:20:22+00:00","twitter_card":"summary_large_image","twitter_site":"@OLGLakewoodNJ","twitter_misc":{"Szacowany czas czytania":"13 minut"},"schema":{"@context":"https:\/\/schema.org","@graph":[{"@type":"WebPage","@id":"https:\/\/olglakewood.org\/pl\/organizations\/grupo-de-alfabetizacion-forjando-nueva-esperanza\/","url":"https:\/\/olglakewood.org\/pl\/organizations\/grupo-de-alfabetizacion-forjando-nueva-esperanza\/","name":"Grupo de Alfabetizaci\u00f3n \u201eforjando Nueva Esperanza\u201d - Our Lady of Guadalupe Parish","isPartOf":{"@id":"https:\/\/olglakewood.org\/pl\/#website"},"datePublished":"2025-10-05T18:15:37+00:00","dateModified":"2025-10-11T02:20:22+00:00","breadcrumb":{"@id":"https:\/\/olglakewood.org\/pl\/organizations\/grupo-de-alfabetizacion-forjando-nueva-esperanza\/#breadcrumb"},"inLanguage":"pl-PL","potentialAction":[{"@type":"ReadAction","target":["https:\/\/olglakewood.org\/pl\/organizations\/grupo-de-alfabetizacion-forjando-nueva-esperanza\/"]}]},{"@type":"BreadcrumbList","@id":"https:\/\/olglakewood.org\/pl\/organizations\/grupo-de-alfabetizacion-forjando-nueva-esperanza\/#breadcrumb","itemListElement":[{"@type":"ListItem","position":1,"name":"Home","item":"https:\/\/olglakewood.org\/pl\/strona-glowna\/"},{"@type":"ListItem","position":2,"name":"Grupo de Alfabetizaci\u00f3n \u201eforjando Nueva Esperanza\u201d"}]},{"@type":"WebSite","@id":"https:\/\/olglakewood.org\/pl\/#website","url":"https:\/\/olglakewood.org\/pl\/","name":"Our Lady of Guadalupe Church","description":"News and Information for Our Lady of Guadalupe Parish Community, Lakewood NJ","publisher":{"@id":"https:\/\/olglakewood.org\/pl\/#organization"},"potentialAction":[{"@type":"SearchAction","target":{"@type":"EntryPoint","urlTemplate":"https:\/\/olglakewood.org\/pl\/?s={search_term_string}"},"query-input":{"@type":"PropertyValueSpecification","valueRequired":true,"valueName":"search_term_string"}}],"inLanguage":"pl-PL"},{"@type":"Organization","@id":"https:\/\/olglakewood.org\/pl\/#organization","name":"Our Lady of Guadalupe Church","url":"https:\/\/olglakewood.org\/pl\/","logo":{"@type":"ImageObject","inLanguage":"pl-PL","@id":"https:\/\/olglakewood.org\/pl\/#\/schema\/logo\/image\/","url":"https:\/\/olglakewood.org\/wp-content\/uploads\/2025\/08\/olg-website-logo.svg","contentUrl":"https:\/\/olglakewood.org\/wp-content\/uploads\/2025\/08\/olg-website-logo.svg","width":1188,"height":649,"caption":"Our Lady of Guadalupe Church"},"image":{"@id":"https:\/\/olglakewood.org\/pl\/#\/schema\/logo\/image\/"},"sameAs":["https:\/\/www.facebook.com\/ourladyofguadalupelakewood","https:\/\/x.com\/OLGLakewoodNJ","https:\/\/www.youtube.com\/channel\/UC91Ne91E8dBCs-mhYYUoULw\/about","https:\/\/www.instagram.com\/olglakewoodnj\/"]}]}},"_links":{"self":[{"href":"https:\/\/olglakewood.org\/pl\/wp-json\/wp\/v2\/organizations\/1183","targetHints":{"allow":["GET"]}}],"collection":[{"href":"https:\/\/olglakewood.org\/pl\/wp-json\/wp\/v2\/organizations"}],"about":[{"href":"https:\/\/olglakewood.org\/pl\/wp-json\/wp\/v2\/types\/organizations"}],"wp:attachment":[{"href":"https:\/\/olglakewood.org\/pl\/wp-json\/wp\/v2\/media?parent=1183"}],"curies":[{"name":"wp","href":"https:\/\/api.w.org\/{rel}","templated":true}]}}