{"id":1200,"date":"2025-10-05T14:54:16","date_gmt":"2025-10-05T18:54:16","guid":{"rendered":"https:\/\/mjz.7dd.myftpupload.com\/organizations\/pro-vida\/"},"modified":"2025-10-10T22:58:15","modified_gmt":"2025-10-11T02:58:15","slug":"pro-vida","status":"publish","type":"organizations","link":"https:\/\/olglakewood.org\/es\/organizations\/pro-vida\/","title":{"rendered":"Pro-vida"},"content":{"rendered":"<p>[et_pb_section fb_built=\u00bb1&#8243; _builder_version=\u00bb4.27.4&#8243; _module_preset=\u00bbdefault\u00bb background_image=\u00bbhttps:\/\/olglakewood.org\/wp-content\/uploads\/2025\/08\/news-page-hero-img.jpg\u00bb module_alignment=\u00bbcenter\u00bb min_height=\u00bb400px\u00bb height=\u00bb100%\u00bb custom_margin=\u00bb||||false|false\u00bb custom_padding=\u00bb||||false|false\u00bb global_colors_info=\u00bb{}\u00bb][et_pb_row use_custom_gutter=\u00bbon\u00bb gutter_width=\u00bb1&#8243; _builder_version=\u00bb4.27.4&#8243; _module_preset=\u00bbdefault\u00bb width=\u00bb100%\u00bb max_width=\u00bb100%\u00bb module_alignment=\u00bbcenter\u00bb custom_margin=\u00bb5em||5em||true|false\u00bb global_colors_info=\u00bb{}\u00bb][et_pb_column type=\u00bb4_4&#8243; _builder_version=\u00bb4.27.4&#8243; _module_preset=\u00bbdefault\u00bb custom_css_main_element=\u00bbbackground-color: rgba(1, 28, 57, 0.8);||display: flex;||justify-content: center;||align-items: center;||padding-top: 15px;||padding-bottom: 8px;||\u00bb global_colors_info=\u00bb{}\u00bb][et_pb_text _builder_version=\u00bb4.27.4&#8243; _module_preset=\u00bbdefault\u00bb header_font=\u00bb|&#8211;et_global_heading_font_weight|||||||\u00bb header_text_align=\u00bbcenter\u00bb header_text_color=\u00bb#FFFFFF\u00bb header_font_size=\u00bb3.13rem\u00bb global_colors_info=\u00bb{}\u00bb]<\/p>\n<h1>Pro-vida<\/h1>\n<p>[\/et_pb_text][\/et_pb_column][\/et_pb_row][\/et_pb_section][et_pb_section fb_built=\u00bb1&#8243; _builder_version=\u00bb4.27.4&#8243; _module_preset=\u00bbdefault\u00bb global_colors_info=\u00bb{}\u00bb][et_pb_row _builder_version=\u00bb4.27.4&#8243; _module_preset=\u00bbdefault\u00bb global_colors_info=\u00bb{}\u00bb][et_pb_column type=\u00bb4_4&#8243; _builder_version=\u00bb4.27.4&#8243; _module_preset=\u00bbdefault\u00bb global_colors_info=\u00bb{}\u00bb][et_pb_video src=\u00bbhttps:\/\/www.youtube.com\/embed\/KHkzJlA0GMg\u00bb _builder_version=\u00bb4.27.4&#8243; _module_preset=\u00bbdefault\u00bb width=\u00bb60%\u00bb module_alignment=\u00bbcenter\u00bb global_colors_info=\u00bb{}\u00bb][\/et_pb_video][et_pb_video src=\u00bbhttps:\/\/www.youtube.com\/embed\/eqE1wvEoQ60&#8243; _builder_version=\u00bb4.27.4&#8243; _module_preset=\u00bbdefault\u00bb width=\u00bb60%\u00bb module_alignment=\u00bbcenter\u00bb custom_margin=\u00bb4rem||||false|false\u00bb global_colors_info=\u00bb{}\u00bb][\/et_pb_video][et_pb_text _builder_version=\u00bb4.27.4&#8243; _module_preset=\u00bbdefault\u00bb text_font=\u00bb|&#8211;et_global_heading_font_weight|on||||||\u00bb text_font_size=\u00bb1.38rem\u00bb text_line_height=\u00bb1.4em\u00bb custom_margin=\u00bb4rem||||false|false\u00bb global_colors_info=\u00bb{}\u00bb]<\/p>\n<p>Novena a San Jos\u00e9 para poner fin al aborto, Novena a San Jos\u00e9 para poner fin al aborto, Nowenna do \u015awi\u0119tego J\u00f3zefa o zako\u0144czenie aborcji<\/p>\n<p>[\/et_pb_text][\/et_pb_column][\/et_pb_row][et_pb_row column_structure=\u00bb1_2,1_2&#8243; _builder_version=\u00bb4.27.4&#8243; _module_preset=\u00bbdefault\u00bb global_colors_info=\u00bb{}\u00bb][et_pb_column type=\u00bb1_2&#8243; _builder_version=\u00bb4.27.4&#8243; _module_preset=\u00bbdefault\u00bb global_colors_info=\u00bb{}\u00bb][et_pb_text _builder_version=\u00bb4.27.4&#8243; _module_preset=\u00bbdefault\u00bb text_font_size=\u00bb1.38rem\u00bb text_line_height=\u00bb1.4em\u00bb global_colors_info=\u00bb{}\u00bb]<\/p>\n<div><span>San Jos\u00e9, Patr\u00f3n de la Iglesia Universal y Custodio de los Bienaventurados<\/span><\/div>\n<div><span>La Virgen Mar\u00eda y el Ni\u00f1o Jes\u00fas, el Hijo de Dios que llevaba en su seno.<\/span><\/div>\n<div><span>Vientre Inmaculado: intercede por nosotros, te rogamos, para que se proh\u00edba todo recurso al aborto.<\/span><\/div>\n<div><span>podr\u00eda cesar en nuestra naci\u00f3n y en nuestro mundo. Como tu cuidado de Madre e Hijo, <\/span><\/div>\n<div><span>Cuida a todas las mujeres que llevan el don de la vida en su vientre. Que ning\u00fan da\u00f1o jam\u00e1s&#8230; <\/span><\/div>\n<div><span>ponerlos en peligro, y que ninguna elecci\u00f3n amenace jam\u00e1s la bendici\u00f3n de la humanidad<\/span><\/div>\n<div><span>vida que Dios ha creado en su interior. Gu\u00e1rdalos con tu amorosa protecci\u00f3n, <\/span><\/div>\n<div><span>en todo momento, hasta que se cumpla su voluntad. San Jos\u00e9, esposo de Mar\u00eda <\/span><\/div>\n<div><span>y Padre adoptivo del Se\u00f1or, ay\u00fadanos a construir una cultura de vida que produzca<\/span><\/div>\n<div><span>La civilizaci\u00f3n del amor entre nosotros.<\/span><\/div>\n<div><\/div>\n<div><span>Padrenuestro, Avemar\u00eda, Gloria<\/span><\/div>\n<div><\/div>\n<p>[\/et_pb_text][\/et_pb_column][et_pb_column type=\u00bb1_2&#8243; _builder_version=\u00bb4.27.4&#8243; _module_preset=\u00bbdefault\u00bb global_colors_info=\u00bb{}\u00bb][et_pb_image src=\u00bbhttps:\/\/olglakewood.org\/wp-content\/uploads\/2025\/10\/rlp-20-logo-black.png\u00bb alt=\u00bbVive el Evangelio de la Vida\u00bb title_text=\u00bbrlp-20-logo-black\u00bb _builder_version=\u00bb4.27.4&#8243; _module_preset=\u00bbdefault\u00bb custom_margin=\u00bb2rem||||false|false\u00bb global_colors_info=\u00bb{}\u00bb][\/et_pb_image][\/et_pb_column][\/et_pb_row][et_pb_row column_structure=\u00bb1_2,1_2&#8243; _builder_version=\u00bb4.27.4&#8243; _module_preset=\u00bbdefault\u00bb global_colors_info=\u00bb{}\u00bb][et_pb_column type=\u00bb1_2&#8243; _builder_version=\u00bb4.27.4&#8243; _module_preset=\u00bbdefault\u00bb global_colors_info=\u00bb{}\u00bb][et_pb_text _builder_version=\u00bb4.27.4&#8243; _module_preset=\u00bbdefault\u00bb text_font_size=\u00bb1.38rem\u00bb text_line_height=\u00bb1.4em\u00bb global_colors_info=\u00bb{}\u00bb]<\/p>\n<div><span>San Jos\u00e9, Patr\u00f3n de la Iglesia Universal y Guardi\u00e1n de la Sant\u00edsima<\/span><\/div>\n<div><span>Virgen Mar\u00eda y del Ni\u00f1o Jes\u00fas, el Hijo de Dios a quien llev\u00f3 en su<\/span><\/div>\n<div><span>Inmaculado vientre: intercede por nosotros, te rogamos, para acabar<\/span><\/div>\n<div><span>todo recurso al aborto en nuestra naci\u00f3n. y nuestro mundo. Como t\u00fa  <\/span><\/div>\n<div><span>has cuidado la Madre y el Ni\u00f1o, cuida todas las mujeres que llevan el<\/span><\/div>\n<div><span>regalo de la vida en su vientre. Que ning\u00fan da\u00f1o los ponga en peligro <\/span><\/div>\n<div><span>y que ninguna decisi\u00f3n amenace la bendici\u00f3n de la vida humana que<\/span><\/div>\n<div><span>Dios ha creado en su interior. Gu\u00e1rdalos con tu amorosa protecci\u00f3n, <\/span><\/div>\n<div><span>en todo momento, hasta que se cumpla su voluntad. San Jos\u00e9, esposo <\/span><\/div>\n<div><span>de Mar\u00eda y padre adoptivo del Se\u00f1or, ay\u00fadanos a construir una cultura<\/span><\/div>\n<div><span>de vida que produzca una civilizaci\u00f3n del amor entre nosotros.<\/span><\/div>\n<div><\/div>\n<div><span>Padre Nuestro, Ave Mar\u00eda, Gloria mar<\/span><\/div>\n<p>[\/et_pb_text][\/et_pb_column][et_pb_column type=\u00bb1_2&#8243; _builder_version=\u00bb4.27.4&#8243; _module_preset=\u00bbdefault\u00bb global_colors_info=\u00bb{}\u00bb][et_pb_image src=\u00bbhttps:\/\/olglakewood.org\/wp-content\/uploads\/2025\/10\/rlp-20-logo-multi-blue-spn2.png\u00bb alt=\u00bbVive el Evangelio de la Vida\u00bb title_text=\u00bbrlp-20-logo-multi-blue-spn2&#8243; _builder_version=\u00bb4.27.4&#8243; _module_preset=\u00bbdefault\u00bb custom_margin=\u00bb2rem||||false|false\u00bb global_colors_info=\u00bb{}\u00bb][\/et_pb_image][\/et_pb_column][\/et_pb_row][et_pb_row column_structure=\u00bb1_2,1_2&#8243; _builder_version=\u00bb4.27.4&#8243; _module_preset=\u00bbdefault\u00bb global_colors_info=\u00bb{}\u00bb][et_pb_column type=\u00bb1_2&#8243; _builder_version=\u00bb4.27.4&#8243; _module_preset=\u00bbdefault\u00bb global_colors_info=\u00bb{}\u00bb][et_pb_text _builder_version=\u00bb4.27.4&#8243; _module_preset=\u00bbdefault\u00bb text_font_size=\u00bb1.38rem\u00bb text_line_height=\u00bb1.4em\u00bb global_colors_info=\u00bb{}\u00bb]<\/p>\n<div><span>Sudoeste. J\u00f3zefie, patronie uniwersalnego ko\u015bcio\u0142a i opiekunie B\u0142ogos\u0142awionej <\/span><\/div>\n<div><span>Dziewicy Marii i Dzieci\u0105tka Jezus, Bo\u017cego Syna kt\u00f3rego ona nosi\u0142a w swym<\/span><\/div>\n<div><span>niepokalanym \u0142onie: wspieraj nas oraz m\u00f3dl si\u0119 aby wszelkie pr\u00f3by aborcji<\/span><\/div>\n<div><span>zosta\u0142y zaprzestane w naszym pa\u0144stwie in a ca\u0142ym \u015bwiecie. Ty kt\u00f3ry <\/span><\/div>\n<div><span>troszczy\u0142e\u015b si\u0119 o Matk\u0119 i Dziecko, zatroszcz si\u0119 o wszystkie kobiety kt\u00f3re<\/span><\/div>\n<div><span>nosz\u0105 dar \u017cycia w swoim ciele. Niech nie znajd\u0105 si\u0119 w \u017cadnym niebezpiecze\u0144stwie <\/span><\/div>\n<div><span>i niech \u017cadne decyzje nie nara\u017caj\u0105 b\u0142ogos\u0142awie\u0144stwa ludzkiego \u017cycia kt\u00f3re<\/span><\/div>\n<div><span>B\u00f3g umie\u015bci\u0142 w nich. Chro\u0144 je swoj\u0105 opiek\u0105 w ka\u017cdej chwili dop\u00f3ki Bo\u017ca <\/span><\/div>\n<div><span>wola nie zostanie wype\u0142niona. Sudoeste. J\u00f3zefie, m\u0119\u017cu Marii i opiekunie Jezusa,  <\/span><\/div>\n<div><span>pom\u00f3\u017c nam budowa\u0107 kultur\u0119 \u017cycia i cywilizacj\u0119 mi\u0142o\u015bci w\u015br\u00f3d nas.<\/span><\/div>\n<div> <\/div>\n<div><span>Ojcze Nasz\u2026, Zdrowa\u015b Maryjo\u2026, Chwa\u0142a Ojcu i &#8230; <\/span><\/div>\n<p>[\/et_pb_text][\/et_pb_column][et_pb_column type=\u00bb1_2&#8243; _builder_version=\u00bb4.27.4&#8243; _module_preset=\u00bbdefault\u00bb global_colors_info=\u00bb{}\u00bb][\/et_pb_column][\/et_pb_row][\/et_pb_section]<\/p>\n","protected":false},"featured_media":0,"template":"","meta":{"_et_pb_use_builder":"on","_et_pb_old_content":"","_et_gb_content_width":""},"class_list":["post-1200","organizations","type-organizations","status-publish","hentry"],"yoast_head":"<!-- This site is optimized with the Yoast SEO plugin v27.4 - https:\/\/yoast.com\/product\/yoast-seo-wordpress\/ -->\n<title>Pro-vida - Our Lady of Guadalupe Parish<\/title>\n<meta name=\"robots\" content=\"index, follow, max-snippet:-1, max-image-preview:large, max-video-preview:-1\" \/>\n<link rel=\"canonical\" href=\"https:\/\/olglakewood.org\/es\/organizations\/pro-vida\/\" \/>\n<meta property=\"og:locale\" content=\"es_ES\" \/>\n<meta property=\"og:type\" content=\"article\" \/>\n<meta property=\"og:title\" content=\"Pro-vida - Our Lady of Guadalupe Parish\" \/>\n<meta property=\"og:description\" content=\"Pro-vidaNovena a San Jos\u00e9 para poner fin al aborto, Novena a San Jos\u00e9 para poner fin al aborto, Nowenna do \u015awi\u0119tego J\u00f3zefa o zako\u0144czenie aborcjiSan Jos\u00e9, Patr\u00f3n de la Iglesia Universal y Custodio de los Bienaventurados La Virgen Mar\u00eda y el Ni\u00f1o Jes\u00fas, el Hijo de Dios que llevaba en su seno. Vientre Inmaculado: intercede [&hellip;]\" \/>\n<meta property=\"og:url\" content=\"https:\/\/olglakewood.org\/es\/organizations\/pro-vida\/\" \/>\n<meta property=\"og:site_name\" content=\"Our Lady of Guadalupe Parish\" \/>\n<meta property=\"article:publisher\" content=\"https:\/\/www.facebook.com\/ourladyofguadalupelakewood\" \/>\n<meta property=\"article:modified_time\" content=\"2025-10-11T02:58:15+00:00\" \/>\n<meta name=\"twitter:card\" content=\"summary_large_image\" \/>\n<meta name=\"twitter:site\" content=\"@OLGLakewoodNJ\" \/>\n<meta name=\"twitter:label1\" content=\"Tiempo de lectura\" \/>\n\t<meta name=\"twitter:data1\" content=\"5 minutos\" \/>\n<script type=\"application\/ld+json\" class=\"yoast-schema-graph\">{\"@context\":\"https:\\\/\\\/schema.org\",\"@graph\":[{\"@type\":\"WebPage\",\"@id\":\"https:\\\/\\\/olglakewood.org\\\/es\\\/organizations\\\/pro-vida\\\/\",\"url\":\"https:\\\/\\\/olglakewood.org\\\/es\\\/organizations\\\/pro-vida\\\/\",\"name\":\"Pro-vida - Our Lady of Guadalupe Parish\",\"isPartOf\":{\"@id\":\"https:\\\/\\\/olglakewood.org\\\/es\\\/#website\"},\"datePublished\":\"2025-10-05T18:54:16+00:00\",\"dateModified\":\"2025-10-11T02:58:15+00:00\",\"breadcrumb\":{\"@id\":\"https:\\\/\\\/olglakewood.org\\\/es\\\/organizations\\\/pro-vida\\\/#breadcrumb\"},\"inLanguage\":\"es\",\"potentialAction\":[{\"@type\":\"ReadAction\",\"target\":[\"https:\\\/\\\/olglakewood.org\\\/es\\\/organizations\\\/pro-vida\\\/\"]}]},{\"@type\":\"BreadcrumbList\",\"@id\":\"https:\\\/\\\/olglakewood.org\\\/es\\\/organizations\\\/pro-vida\\\/#breadcrumb\",\"itemListElement\":[{\"@type\":\"ListItem\",\"position\":1,\"name\":\"Home\",\"item\":\"https:\\\/\\\/olglakewood.org\\\/es\\\/inicio\\\/\"},{\"@type\":\"ListItem\",\"position\":2,\"name\":\"Pro-vida\"}]},{\"@type\":\"WebSite\",\"@id\":\"https:\\\/\\\/olglakewood.org\\\/es\\\/#website\",\"url\":\"https:\\\/\\\/olglakewood.org\\\/es\\\/\",\"name\":\"Our Lady of Guadalupe Church\",\"description\":\"News and Information for Our Lady of Guadalupe Parish Community, Lakewood NJ\",\"publisher\":{\"@id\":\"https:\\\/\\\/olglakewood.org\\\/es\\\/#organization\"},\"potentialAction\":[{\"@type\":\"SearchAction\",\"target\":{\"@type\":\"EntryPoint\",\"urlTemplate\":\"https:\\\/\\\/olglakewood.org\\\/es\\\/?s={search_term_string}\"},\"query-input\":{\"@type\":\"PropertyValueSpecification\",\"valueRequired\":true,\"valueName\":\"search_term_string\"}}],\"inLanguage\":\"es\"},{\"@type\":\"Organization\",\"@id\":\"https:\\\/\\\/olglakewood.org\\\/es\\\/#organization\",\"name\":\"Our Lady of Guadalupe Church\",\"url\":\"https:\\\/\\\/olglakewood.org\\\/es\\\/\",\"logo\":{\"@type\":\"ImageObject\",\"inLanguage\":\"es\",\"@id\":\"https:\\\/\\\/olglakewood.org\\\/es\\\/#\\\/schema\\\/logo\\\/image\\\/\",\"url\":\"https:\\\/\\\/olglakewood.org\\\/wp-content\\\/uploads\\\/2025\\\/08\\\/olg-website-logo.svg\",\"contentUrl\":\"https:\\\/\\\/olglakewood.org\\\/wp-content\\\/uploads\\\/2025\\\/08\\\/olg-website-logo.svg\",\"width\":1188,\"height\":649,\"caption\":\"Our Lady of Guadalupe Church\"},\"image\":{\"@id\":\"https:\\\/\\\/olglakewood.org\\\/es\\\/#\\\/schema\\\/logo\\\/image\\\/\"},\"sameAs\":[\"https:\\\/\\\/www.facebook.com\\\/ourladyofguadalupelakewood\",\"https:\\\/\\\/x.com\\\/OLGLakewoodNJ\",\"https:\\\/\\\/www.youtube.com\\\/channel\\\/UC91Ne91E8dBCs-mhYYUoULw\\\/about\",\"https:\\\/\\\/www.instagram.com\\\/olglakewoodnj\\\/\"]}]}<\/script>\n<!-- \/ Yoast SEO plugin. -->","yoast_head_json":{"title":"Pro-vida - Our Lady of Guadalupe Parish","robots":{"index":"index","follow":"follow","max-snippet":"max-snippet:-1","max-image-preview":"max-image-preview:large","max-video-preview":"max-video-preview:-1"},"canonical":"https:\/\/olglakewood.org\/es\/organizations\/pro-vida\/","og_locale":"es_ES","og_type":"article","og_title":"Pro-vida - Our Lady of Guadalupe Parish","og_description":"Pro-vidaNovena a San Jos\u00e9 para poner fin al aborto, Novena a San Jos\u00e9 para poner fin al aborto, Nowenna do \u015awi\u0119tego J\u00f3zefa o zako\u0144czenie aborcjiSan Jos\u00e9, Patr\u00f3n de la Iglesia Universal y Custodio de los Bienaventurados La Virgen Mar\u00eda y el Ni\u00f1o Jes\u00fas, el Hijo de Dios que llevaba en su seno. Vientre Inmaculado: intercede [&hellip;]","og_url":"https:\/\/olglakewood.org\/es\/organizations\/pro-vida\/","og_site_name":"Our Lady of Guadalupe Parish","article_publisher":"https:\/\/www.facebook.com\/ourladyofguadalupelakewood","article_modified_time":"2025-10-11T02:58:15+00:00","twitter_card":"summary_large_image","twitter_site":"@OLGLakewoodNJ","twitter_misc":{"Tiempo de lectura":"5 minutos"},"schema":{"@context":"https:\/\/schema.org","@graph":[{"@type":"WebPage","@id":"https:\/\/olglakewood.org\/es\/organizations\/pro-vida\/","url":"https:\/\/olglakewood.org\/es\/organizations\/pro-vida\/","name":"Pro-vida - Our Lady of Guadalupe Parish","isPartOf":{"@id":"https:\/\/olglakewood.org\/es\/#website"},"datePublished":"2025-10-05T18:54:16+00:00","dateModified":"2025-10-11T02:58:15+00:00","breadcrumb":{"@id":"https:\/\/olglakewood.org\/es\/organizations\/pro-vida\/#breadcrumb"},"inLanguage":"es","potentialAction":[{"@type":"ReadAction","target":["https:\/\/olglakewood.org\/es\/organizations\/pro-vida\/"]}]},{"@type":"BreadcrumbList","@id":"https:\/\/olglakewood.org\/es\/organizations\/pro-vida\/#breadcrumb","itemListElement":[{"@type":"ListItem","position":1,"name":"Home","item":"https:\/\/olglakewood.org\/es\/inicio\/"},{"@type":"ListItem","position":2,"name":"Pro-vida"}]},{"@type":"WebSite","@id":"https:\/\/olglakewood.org\/es\/#website","url":"https:\/\/olglakewood.org\/es\/","name":"Our Lady of Guadalupe Church","description":"News and Information for Our Lady of Guadalupe Parish Community, Lakewood NJ","publisher":{"@id":"https:\/\/olglakewood.org\/es\/#organization"},"potentialAction":[{"@type":"SearchAction","target":{"@type":"EntryPoint","urlTemplate":"https:\/\/olglakewood.org\/es\/?s={search_term_string}"},"query-input":{"@type":"PropertyValueSpecification","valueRequired":true,"valueName":"search_term_string"}}],"inLanguage":"es"},{"@type":"Organization","@id":"https:\/\/olglakewood.org\/es\/#organization","name":"Our Lady of Guadalupe Church","url":"https:\/\/olglakewood.org\/es\/","logo":{"@type":"ImageObject","inLanguage":"es","@id":"https:\/\/olglakewood.org\/es\/#\/schema\/logo\/image\/","url":"https:\/\/olglakewood.org\/wp-content\/uploads\/2025\/08\/olg-website-logo.svg","contentUrl":"https:\/\/olglakewood.org\/wp-content\/uploads\/2025\/08\/olg-website-logo.svg","width":1188,"height":649,"caption":"Our Lady of Guadalupe Church"},"image":{"@id":"https:\/\/olglakewood.org\/es\/#\/schema\/logo\/image\/"},"sameAs":["https:\/\/www.facebook.com\/ourladyofguadalupelakewood","https:\/\/x.com\/OLGLakewoodNJ","https:\/\/www.youtube.com\/channel\/UC91Ne91E8dBCs-mhYYUoULw\/about","https:\/\/www.instagram.com\/olglakewoodnj\/"]}]}},"_links":{"self":[{"href":"https:\/\/olglakewood.org\/es\/wp-json\/wp\/v2\/organizations\/1200","targetHints":{"allow":["GET"]}}],"collection":[{"href":"https:\/\/olglakewood.org\/es\/wp-json\/wp\/v2\/organizations"}],"about":[{"href":"https:\/\/olglakewood.org\/es\/wp-json\/wp\/v2\/types\/organizations"}],"wp:attachment":[{"href":"https:\/\/olglakewood.org\/es\/wp-json\/wp\/v2\/media?parent=1200"}],"curies":[{"name":"wp","href":"https:\/\/api.w.org\/{rel}","templated":true}]}}